{"id":20,"date":"2015-08-09T01:58:47","date_gmt":"2015-08-09T01:58:47","guid":{"rendered":"http:\/\/rosadosventosjuquehy.com.br\/?page_id=20"},"modified":"2024-09-06T12:14:52","modified_gmt":"2024-09-06T12:14:52","slug":"pousada","status":"publish","type":"page","link":"https:\/\/rosadosventosjuquehy.com.br\/index.php\/pousada\/","title":{"rendered":"A Pousada"},"content":{"rendered":"\t\t<div data-elementor-type=\"wp-page\" data-elementor-id=\"20\" class=\"elementor elementor-20\">\n\t\t\t\t<div class=\"elementor-element elementor-element-4fd8be48 e-flex e-con-boxed e-con e-parent\" data-id=\"4fd8be48\" data-element_type=\"container\">\n\t\t\t\t\t<div class=\"e-con-inner\">\n\t\t\t\t<div class=\"elementor-element elementor-element-6d814252 elementor-widget elementor-widget-text-editor\" data-id=\"6d814252\" data-element_type=\"widget\" data-widget_type=\"text-editor.default\">\n\t\t\t\t<div class=\"elementor-widget-container\">\n\t\t\t<style>\/*! elementor - v3.23.0 - 05-08-2024 *\/\n.elementor-widget-text-editor.elementor-drop-cap-view-stacked .elementor-drop-cap{background-color:#69727d;color:#fff}.elementor-widget-text-editor.elementor-drop-cap-view-framed .elementor-drop-cap{color:#69727d;border:3px solid;background-color:transparent}.elementor-widget-text-editor:not(.elementor-drop-cap-view-default) .elementor-drop-cap{margin-top:8px}.elementor-widget-text-editor:not(.elementor-drop-cap-view-default) .elementor-drop-cap-letter{width:1em;height:1em}.elementor-widget-text-editor .elementor-drop-cap{float:left;text-align:center;line-height:1;font-size:50px}.elementor-widget-text-editor .elementor-drop-cap-letter{display:inline-block}<\/style>\t\t\t\t<p><strong>A pousada Rosa dos Ventos<\/strong> Juquehy localiza-se em uma das praias mais belas do litoral de S\u00e3o Paulo.<\/p>\n<p>Somos uma\u00a0pousada diferenciada, possuindo ambientes amplos, charmosos e aconchegantes. Nossos apartamentos estilo est\u00fadio s\u00e3o espa\u00e7osos e privativos e nossa piscina \u00e9 perfeita para tornar sua estadia o mais agrad\u00e1vel e relaxante.<\/p>\n<p>Nosso atendimento atencioso e personalizado visa fazer com que nossos h\u00f3spedes sintam-se sempre bem vindos.<\/p>\n<p>Contamos com servi\u00e7o de arruma\u00e7\u00e3o dos quartos, caf\u00e9 da manh\u00e3, Wi-Fi, estacionamento, servi\u00e7o de praia, piscina e entrada exclusiva com ducha.<\/p>\n<p><strong><em>Entre e fique \u00e0 vontade!<\/em><\/strong><\/p>\n<p><img decoding=\"async\" class=\"alignnone wp-image-150\" src=\"https:\/\/rosadosventosjuquehy.com.br\/wp-content\/uploads\/2015\/08\/icon32.png\" alt=\"icon32\" width=\"55\" height=\"55\" \/><\/p>\t\t\t\t\t\t<\/div>\n\t\t\t\t<\/div>\n\t\t\t\t\t<\/div>\n\t\t\t\t<\/div>\n\t\t<div class=\"elementor-element elementor-element-c9d9308 e-flex e-con-boxed e-con e-parent\" data-id=\"c9d9308\" data-element_type=\"container\">\n\t\t\t\t\t<div class=\"e-con-inner\">\n\t\t\t\t<div class=\"elementor-element elementor-element-1a2597d elementor-widget elementor-widget-shortcode\" data-id=\"1a2597d\" data-element_type=\"widget\" data-widget_type=\"shortcode.default\">\n\t\t\t\t<div class=\"elementor-widget-container\">\n\t\t\t\t\t<div class=\"elementor-shortcode\"><\/div>\n\t\t\t\t<\/div>\n\t\t\t\t<\/div>\n\t\t\t\t\t<\/div>\n\t\t\t\t<\/div>\n\t\t<div class=\"elementor-element elementor-element-717ae48 e-flex e-con-boxed e-con e-parent\" data-id=\"717ae48\" data-element_type=\"container\">\n\t\t\t\t\t<div class=\"e-con-inner\">\n\t\t\t\t<div class=\"elementor-element elementor-element-286455b elementor-widget elementor-widget-text-editor\" data-id=\"286455b\" data-element_type=\"widget\" data-widget_type=\"text-editor.default\">\n\t\t\t\t<div class=\"elementor-widget-container\">\n\t\t\t\t\t\t\t<p><!-- wp:paragraph --><\/p><p><strong>A Pousada Rosa dos Ventos<\/strong> foi indicada para ser tema de reportagem, em uma enquete feita pelo Jornal do Consumidor, da rede de TV SBT\/VTV.<\/p><p><!-- \/wp:paragraph --><\/p><p><!-- wp:paragraph --><\/p><p>A pousada foi lembrada pela excelente qualidade no servi\u00e7o de hospedagem e respeito aos direitos do consumidor. Com isso, a equipe do Jornal visitou a nossa pousada para realizar a reportagem abaixo, que conta um pouco do que somos.<\/p><p><!-- \/wp:core-embed\/youtube --><\/p>\t\t\t\t\t\t<\/div>\n\t\t\t\t<\/div>\n\t\t\t\t\t<\/div>\n\t\t\t\t<\/div>\n\t\t<div class=\"elementor-element elementor-element-a25becd e-flex e-con-boxed e-con e-parent\" data-id=\"a25becd\" data-element_type=\"container\">\n\t\t\t\t\t<div class=\"e-con-inner\">\n\t\t\t\t<div class=\"elementor-element elementor-element-767b9d4 elementor-widget elementor-widget-video\" data-id=\"767b9d4\" data-element_type=\"widget\" data-settings=\"{&quot;youtube_url&quot;:&quot;https:\\\/\\\/youtu.be\\\/ApiMyhlNWCk&quot;,&quot;video_type&quot;:&quot;youtube&quot;,&quot;controls&quot;:&quot;yes&quot;}\" data-widget_type=\"video.default\">\n\t\t\t\t<div class=\"elementor-widget-container\">\n\t\t\t<style>\/*! elementor - v3.23.0 - 05-08-2024 *\/\n.elementor-widget-video .elementor-widget-container{overflow:hidden;transform:translateZ(0)}.elementor-widget-video .elementor-wrapper{aspect-ratio:var(--video-aspect-ratio)}.elementor-widget-video .elementor-wrapper iframe,.elementor-widget-video .elementor-wrapper video{height:100%;width:100%;display:flex;border:none;background-color:#000}@supports not (aspect-ratio:1\/1){.elementor-widget-video .elementor-wrapper{position:relative;overflow:hidden;height:0;padding-bottom:calc(100% \/ var(--video-aspect-ratio))}.elementor-widget-video .elementor-wrapper iframe,.elementor-widget-video .elementor-wrapper video{position:absolute;top:0;right:0;bottom:0;left:0}}.elementor-widget-video .elementor-open-inline .elementor-custom-embed-image-overlay{position:absolute;top:0;right:0;bottom:0;left:0;background-size:cover;background-position:50%}.elementor-widget-video .elementor-custom-embed-image-overlay{cursor:pointer;text-align:center}.elementor-widget-video .elementor-custom-embed-image-overlay:hover .elementor-custom-embed-play i{opacity:1}.elementor-widget-video .elementor-custom-embed-image-overlay img{display:block;width:100%;aspect-ratio:var(--video-aspect-ratio);-o-object-fit:cover;object-fit:cover;-o-object-position:center center;object-position:center center}@supports not (aspect-ratio:1\/1){.elementor-widget-video .elementor-custom-embed-image-overlay{position:relative;overflow:hidden;height:0;padding-bottom:calc(100% \/ var(--video-aspect-ratio))}.elementor-widget-video .elementor-custom-embed-image-overlay img{position:absolute;top:0;right:0;bottom:0;left:0}}.elementor-widget-video .e-hosted-video .elementor-video{-o-object-fit:cover;object-fit:cover}.e-con-inner>.elementor-widget-video,.e-con>.elementor-widget-video{width:var(--container-widget-width);--flex-grow:var(--container-widget-flex-grow)}<\/style>\t\t<div class=\"elementor-wrapper elementor-open-inline\">\n\t\t\t<div class=\"elementor-video\"><\/div>\t\t<\/div>\n\t\t\t\t<\/div>\n\t\t\t\t<\/div>\n\t\t\t\t\t<\/div>\n\t\t\t\t<\/div>\n\t\t<div class=\"elementor-element elementor-element-4b9dcf2 e-flex e-con-boxed e-con e-parent\" data-id=\"4b9dcf2\" data-element_type=\"container\">\n\t\t\t\t\t<div class=\"e-con-inner\">\n\t\t\t\t<div class=\"elementor-element elementor-element-95062de elementor-widget elementor-widget-text-editor\" data-id=\"95062de\" data-element_type=\"widget\" data-widget_type=\"text-editor.default\">\n\t\t\t\t<div class=\"elementor-widget-container\">\n\t\t\t\t\t\t\t<p><strong>\u00c1rea Externa da Pousada<\/strong><\/p>\n<p>Nossa \u00e1rea externa \u00e9 um ref\u00fagio de tranquilidade, com uma piscina cristalina cercada por espa\u00e7o verde e confort\u00e1veis cadeiras para relaxar. O ambiente ao ar livre, com o som da natureza e ar puro, \u00e9 perfeito para momentos de descanso e revitaliza\u00e7\u00e3o.<\/p>\t\t\t\t\t\t<\/div>\n\t\t\t\t<\/div>\n\t\t\t\t\t<\/div>\n\t\t\t\t<\/div>\n\t\t<div class=\"elementor-element elementor-element-cc10063 e-flex e-con-boxed e-con e-parent\" data-id=\"cc10063\" data-element_type=\"container\">\n\t\t\t\t\t<div class=\"e-con-inner\">\n\t\t\t\t<div class=\"elementor-element elementor-element-01ce57c elementor-widget elementor-widget-shortcode\" data-id=\"01ce57c\" data-element_type=\"widget\" data-widget_type=\"shortcode.default\">\n\t\t\t\t<div class=\"elementor-widget-container\">\n\t\t\t\t\t<div class=\"elementor-shortcode\"><\/div>\n\t\t\t\t<\/div>\n\t\t\t\t<\/div>\n\t\t\t\t\t<\/div>\n\t\t\t\t<\/div>\n\t\t<div class=\"elementor-element elementor-element-b815bb8 e-flex e-con-boxed e-con e-parent\" data-id=\"b815bb8\" data-element_type=\"container\">\n\t\t\t\t\t<div class=\"e-con-inner\">\n\t\t\t\t<div class=\"elementor-element elementor-element-eb12c56 elementor-widget elementor-widget-text-editor\" data-id=\"eb12c56\" data-element_type=\"widget\" data-widget_type=\"text-editor.default\">\n\t\t\t\t<div class=\"elementor-widget-container\">\n\t\t\t\t\t\t\t<p><strong>Caf\u00e9 da Manha de Qualidade \u00e9 Aqui!\u00a0 <\/strong>Nosso caf\u00e9 da manh\u00e3 \u00e9 preparado com carinho, oferecendo uma sele\u00e7\u00e3o de del\u00edcias frescas e variadas. Frutas da esta\u00e7\u00e3o, p\u00e3es artesanais, sucos naturais e outras iguarias s\u00e3o servidos em um ambiente acolhedor, perfeito para come\u00e7ar o dia com energia e sabor.<\/p>\t\t\t\t\t\t<\/div>\n\t\t\t\t<\/div>\n\t\t\t\t\t<\/div>\n\t\t\t\t<\/div>\n\t\t<div class=\"elementor-element elementor-element-12b64c7 e-flex e-con-boxed e-con e-parent\" data-id=\"12b64c7\" data-element_type=\"container\">\n\t\t\t\t\t<div class=\"e-con-inner\">\n\t\t\t\t<div class=\"elementor-element elementor-element-d6b5e13 elementor-widget elementor-widget-shortcode\" data-id=\"d6b5e13\" data-element_type=\"widget\" data-widget_type=\"shortcode.default\">\n\t\t\t\t<div class=\"elementor-widget-container\">\n\t\t\t\t\t<div class=\"elementor-shortcode\"><\/div>\n\t\t\t\t<\/div>\n\t\t\t\t<\/div>\n\t\t\t\t\t<\/div>\n\t\t\t\t<\/div>\n\t\t<div class=\"elementor-element elementor-element-aea0920 e-flex e-con-boxed e-con e-parent\" data-id=\"aea0920\" data-element_type=\"container\">\n\t\t\t\t\t<div class=\"e-con-inner\">\n\t\t\t\t<div class=\"elementor-element elementor-element-dc6551b elementor-widget elementor-widget-text-editor\" data-id=\"dc6551b\" data-element_type=\"widget\" data-widget_type=\"text-editor.default\">\n\t\t\t\t<div class=\"elementor-widget-container\">\n\t\t\t\t\t\t\t<p><strong>Espa\u00e7o Pet !<\/strong><br \/>Temos um caf\u00e9 da manh\u00e3 especial para pets, com op\u00e7\u00f5es nutritivas e petiscos saud\u00e1veis. Al\u00e9m disso, oferecemos um espa\u00e7o dedicado, onde os pets podem relaxar, brincar e socializar em um ambiente seguro e acolhedor, pensado para o conforto e bem-estar deles.<\/p>\t\t\t\t\t\t<\/div>\n\t\t\t\t<\/div>\n\t\t\t\t\t<\/div>\n\t\t\t\t<\/div>\n\t\t<div class=\"elementor-element elementor-element-5e85c4c e-flex e-con-boxed e-con e-parent\" data-id=\"5e85c4c\" data-element_type=\"container\">\n\t\t\t\t\t<div class=\"e-con-inner\">\n\t\t\t\t<div class=\"elementor-element elementor-element-de8f763 elementor-widget elementor-widget-shortcode\" data-id=\"de8f763\" data-element_type=\"widget\" data-widget_type=\"shortcode.default\">\n\t\t\t\t<div class=\"elementor-widget-container\">\n\t\t\t\t\t<div class=\"elementor-shortcode\"><\/div>\n\t\t\t\t<\/div>\n\t\t\t\t<\/div>\n\t\t\t\t\t<\/div>\n\t\t\t\t<\/div>\n\t\t<div class=\"elementor-element elementor-element-188ce49 e-flex e-con-boxed e-con e-parent\" data-id=\"188ce49\" data-element_type=\"container\">\n\t\t\t\t\t<div class=\"e-con-inner\">\n\t\t\t\t<div class=\"elementor-element elementor-element-dfe9c65 elementor-widget elementor-widget-text-editor\" data-id=\"dfe9c65\" data-element_type=\"widget\" data-widget_type=\"text-editor.default\">\n\t\t\t\t<div class=\"elementor-widget-container\">\n\t\t\t\t\t\t\t<p><strong>Quartos J\u00e1 Equipados Com Mini Cozinha!<\/strong><br \/>Nossos quartos oferecem ainda mais praticidade e conforto com uma mini cozinha equipada com fog\u00e3o de 4 bocas, geladeira, microondas e pia com os utens\u00edlios necess\u00e1rios para preparar suas refei\u00e7\u00f5es. Ideal para quem aprecia a liberdade de cozinhar, essa conveni\u00eancia torna sua estadia mais independente e personalizada, permitindo que voc\u00ea se sinta verdadeiramente em casa.<br \/><br \/><\/p>\t\t\t\t\t\t<\/div>\n\t\t\t\t<\/div>\n\t\t\t\t\t<\/div>\n\t\t\t\t<\/div>\n\t\t<div class=\"elementor-element elementor-element-aee92ed e-flex e-con-boxed e-con e-parent\" data-id=\"aee92ed\" data-element_type=\"container\">\n\t\t\t\t\t<div class=\"e-con-inner\">\n\t\t\t\t<div class=\"elementor-element elementor-element-411ad94 elementor-widget elementor-widget-shortcode\" data-id=\"411ad94\" data-element_type=\"widget\" data-widget_type=\"shortcode.default\">\n\t\t\t\t<div class=\"elementor-widget-container\">\n\t\t\t\t\t<div class=\"elementor-shortcode\"><\/div>\n\t\t\t\t<\/div>\n\t\t\t\t<\/div>\n\t\t\t\t\t<\/div>\n\t\t\t\t<\/div>\n\t\t<div class=\"elementor-element elementor-element-124bb5f e-flex e-con-boxed e-con e-parent\" data-id=\"124bb5f\" data-element_type=\"container\">\n\t\t\t\t\t<div class=\"e-con-inner\">\n\t\t\t\t<div class=\"elementor-element elementor-element-6cfe47d elementor-widget elementor-widget-text-editor\" data-id=\"6cfe47d\" data-element_type=\"widget\" data-widget_type=\"text-editor.default\">\n\t\t\t\t<div class=\"elementor-widget-container\">\n\t\t\t\t\t\t\t<p><strong>Sacada e quintal privativos!\u00a0\u00a0<\/strong><br \/>Os apartamentos Triplo e Qu\u00e1druplos do t\u00e9rreo possuem um pequeno quintal privativo, ideal para quem possui amigos de quatro patas! J\u00e1 os apartamentos Triplo e Qu\u00e1druplos do piso superior, possuem uma sacada privativa, para ampliar seu conforto!<br \/><br \/><\/p>\t\t\t\t\t\t<\/div>\n\t\t\t\t<\/div>\n\t\t\t\t\t<\/div>\n\t\t\t\t<\/div>\n\t\t<div class=\"elementor-element elementor-element-0c7559b e-flex e-con-boxed e-con e-parent\" data-id=\"0c7559b\" data-element_type=\"container\">\n\t\t\t\t\t<div class=\"e-con-inner\">\n\t\t\t\t<div class=\"elementor-element elementor-element-a0a102e elementor-widget elementor-widget-shortcode\" data-id=\"a0a102e\" data-element_type=\"widget\" data-widget_type=\"shortcode.default\">\n\t\t\t\t<div class=\"elementor-widget-container\">\n\t\t\t\t\t<div class=\"elementor-shortcode\"><\/div>\n\t\t\t\t<\/div>\n\t\t\t\t<\/div>\n\t\t\t\t\t<\/div>\n\t\t\t\t<\/div>\n\t\t\t\t<\/div>\n\t\t","protected":false},"excerpt":{"rendered":"<p>A pousada Rosa dos Ventos Juquehy localiza-se em uma das praias mais belas do litoral de S\u00e3o Paulo.<\/p>\n","protected":false},"author":1,"featured_media":115,"parent":0,"menu_order":1,"comment_status":"closed","ping_status":"closed","template":"","meta":{"footnotes":""},"_links":{"self":[{"href":"https:\/\/rosadosventosjuquehy.com.br\/index.php\/wp-json\/wp\/v2\/pages\/20"}],"collection":[{"href":"https:\/\/rosadosventosjuquehy.com.br\/index.php\/wp-json\/wp\/v2\/pages"}],"about":[{"href":"https:\/\/rosadosventosjuquehy.com.br\/index.php\/wp-json\/wp\/v2\/types\/page"}],"author":[{"embeddable":true,"href":"https:\/\/rosadosventosjuquehy.com.br\/index.php\/wp-json\/wp\/v2\/users\/1"}],"replies":[{"embeddable":true,"href":"https:\/\/rosadosventosjuquehy.com.br\/index.php\/wp-json\/wp\/v2\/comments?post=20"}],"version-history":[{"count":61,"href":"https:\/\/rosadosventosjuquehy.com.br\/index.php\/wp-json\/wp\/v2\/pages\/20\/revisions"}],"predecessor-version":[{"id":821,"href":"https:\/\/rosadosventosjuquehy.com.br\/index.php\/wp-json\/wp\/v2\/pages\/20\/revisions\/821"}],"wp:featuredmedia":[{"embeddable":true,"href":"https:\/\/rosadosventosjuquehy.com.br\/index.php\/wp-json\/wp\/v2\/media\/115"}],"wp:attachment":[{"href":"https:\/\/rosadosventosjuquehy.com.br\/index.php\/wp-json\/wp\/v2\/media?parent=20"}],"curies":[{"name":"wp","href":"https:\/\/api.w.org\/{rel}","templated":true}]}}